{"id":64232,"date":"2021-01-08T15:01:08","date_gmt":"2021-01-08T14:01:08","guid":{"rendered":"https:\/\/www.fortadvocaten.nl\/huurrecht-3\/"},"modified":"2024-09-26T14:18:25","modified_gmt":"2024-09-26T13:18:25","slug":"mietrecht","status":"publish","type":"page","link":"https:\/\/www.actlegal-netherlands.com\/de\/mietrecht\/","title":{"rendered":"Mietrecht"},"content":{"rendered":"<div class=\"wpb-content-wrapper\"><p>[vc_row full_width=&#8220;stretch_row_content&#8220; full_height=&#8220;yes&#8220; columns_placement=&#8220;bottom&#8220; parallax=&#8220;content-moving-fade&#8220; wpex_post_thumbnail_bg=&#8220;true&#8220; wpex_bg_overlay=&#8220;dark&#8220; wpmp_trigger_hook=&#8220;1.5&#8243; wpmp_reverse=&#8220;true&#8220; wpmp_class_css=&#8220;zoomInDown&#8220; wpmp_effect_scenes=&#8220;%5B%7B%22wpmp_title%22%3A%22Effect1%22%2C%22wpmp_duration%22%3A%221%22%2C%22wpmp_ease%22%3A%22Power1.easeIn%22%2C%22wpmp_display%22%3A%22block%22%2C%22wpmp_transform%22%3A%22top-left%22%2C%22yoyo%22%3A%22true%22%7D%5D&#8220; css=&#8220;.vc_custom_1611781400261{background-image: url(https:\/\/www.actlegal-netherlands.com\/wp-content\/uploads\/vastgoed-adobestock_58632680-scaled.jpg?id=50035) !important;}&#8220; wpex_bg_overlay_opacity=&#8220;0.2&#8243; el_class=&#8220;header-bg-wit&#8220;][vc_column wpmp_trigger_hook=&#8220;0.5&#8243; wpmp_class_css=&#8220;magic&#8220; wpmp_effect_scenes=&#8220;%5B%7B%22wpmp_title%22%3A%22Effect1%22%2C%22wpmp_duration%22%3A%221%22%2C%22wpmp_ease%22%3A%22Power0.easeNone%22%2C%22wpmp_display%22%3A%22block%22%2C%22wpmp_transform%22%3A%22top-left%22%2C%22yoyo%22%3A%22true%22%7D%5D&#8220; min_height=&#8220;300&#8243; offset=&#8220;vc_col-lg-offset-1 vc_col-lg-10 vc_col-md-offset-1 vc_col-md-10 vc_col-sm-offset-1 vc_col-xs-12&#8243;][vcex_heading text=&#8220;Mietrecht&#8220; responsive_text=&#8220;true&#8220; wpmp_trigger_hook=&#8220;0.5&#8243; wpmp_class_css=&#8220;magic&#8220; wpmp_effect_scenes=&#8220;%5B%7B%22wpmp_title%22%3A%22Effect1%22%2C%22wpmp_duration%22%3A%221%22%2C%22wpmp_ease%22%3A%22Power0.easeNone%22%2C%22wpmp_display%22%3A%22block%22%2C%22wpmp_transform%22%3A%22top-left%22%2C%22yoyo%22%3A%22true%22%7D%5D&#8220; tag=&#8220;h1&#8243; font_family=&#8220;Raleway&#8220; color=&#8220;#ffffff&#8220; font_weight=&#8220;bold&#8220; font_size=&#8220;d:60|tp:40|pp:30&#8243; el_class=&#8220;header-text&#8220;][\/vc_column][\/vc_row][vc_row css_animation=&#8220;none&#8220; full_width=&#8220;stretch_row_content&#8220; column_spacing=&#8220;0px&#8220; gap=&#8220;10&#8243; remove_bottom_col_margin=&#8220;true&#8220; tablet_fullwidth_cols=&#8220;yes&#8220; css=&#8220;.vc_custom_1642957653765{margin-top: -100px !important;}&#8220; wpex_zindex=&#8220;9999&#8243; el_id=&#8220;scrolldown&#8220;][vc_column css_animation=&#8220;none&#8220; offset=&#8220;vc_col-lg-offset-3 vc_col-lg-6 vc_col-md-offset-1 vc_col-md-10 vc_col-sm-offset-0 vc_col-xs-12&#8243;][vc_icon icon_fontawesome=&#8220;fas fa-angle-down&#8220; color=&#8220;white&#8220; background_style=&#8220;rounded&#8220; background_color=&#8220;custom&#8220; align=&#8220;center&#8220; css_animation=&#8220;none&#8220; custom_background_color=&#8220;#0078bf&#8220; link=&#8220;url:%23scrolldown&#8220;][\/vc_column][\/vc_row][vc_row full_width=&#8220;stretch_row_content&#8220; column_spacing=&#8220;0px&#8220; gap=&#8220;10&#8243; remove_bottom_col_margin=&#8220;true&#8220; tablet_fullwidth_cols=&#8220;yes&#8220; css=&#8220;.vc_custom_1609933742444{margin-top: 20px !important;}&#8220;][vc_column css_animation=&#8220;fadeIn&#8220; css_animation_delay=&#8220;0.1&#8243; offset=&#8220;vc_col-lg-offset-3 vc_col-lg-6 vc_col-md-offset-1 vc_col-md-10 vc_col-sm-offset-0 vc_col-xs-12&#8243;][vc_column_text responsive_text=&#8220;true&#8220; css=&#8220;.vc_custom_1695645431005{margin-top: 20px !important;}&#8220; wpmp_trigger_hook=&#8220;0.5&#8243; wpmp_class_css=&#8220;magic&#8220; wpmp_effect_scenes=&#8220;%5B%7B%22wpmp_title%22%3A%22Effect1%22%2C%22wpmp_duration%22%3A%221%22%2C%22wpmp_ease%22%3A%22Power0.easeNone%22%2C%22wpmp_display%22%3A%22block%22%2C%22wpmp_transform%22%3A%22top-left%22%2C%22yoyo%22%3A%22true%22%7D%5D&#8220; font_weight=&#8220;semibold&#8220; text_align=&#8220;center&#8220;]Unsere Mietrechtsspezialist*innen verf\u00fcgen \u00fcber spezielle und umfassende Kenntnisse und Erfahrungen in allen Aspekten des Mietrechts, sowohl f\u00fcr Gesch\u00e4ftsr\u00e4ume (Einzelhandel, Hotels und andere gewerbliche R\u00e4umlichkeiten) als auch f\u00fcr Wohnr\u00e4umlichkeiten.<\/p>\n<p>Der Mietsektor ist st\u00e4ndig in Bewegung, und die dortigen Entwicklungen sind zahlreich. Viele Mieter und Vermieter legen immer gr\u00f6\u00dferen Wert auf Flexibilit\u00e4t. Die Beh\u00f6rden werden bei der Festlegung von Regeln immer resoluter. Und die Auswirkungen der Corona-Krise sind in vielen Branchen sp\u00fcrbar, wodurch neue Anforderungen an die Mietvertr\u00e4ge gestellt werden.<\/p>\n<p>act legal ist seit Jahrzehnten auf dem Gebiet des Mietrechts t\u00e4tig und hat sich eine fundierte Marktkenntnis angeeignet. Daher erkennen unsere Rechtsanw\u00e4lte und -anw\u00e4ltinnen derartige Entwicklungen fr\u00fchzeitig und k\u00f6nnen unsere Mandant*innen in allen einschl\u00e4gigen Bereichen beraten.[\/vc_column_text][vc_empty_space height=&#8220;40px&#8220;][vcex_button size=&#8220;large&#8220; onclick=&#8220;internal_link&#8220; text_source=&#8220;custom_text&#8220; align=&#8220;center&#8220; custom_background=&#8220;#3e4758&#8243; custom_color=&#8220;#ffffff&#8220; font_padding=&#8220;right:40|left:40&#8243; border=&#8220;2&#8243; font_weight=&#8220;bold&#8220; onclick_internal_link=&#8220;url:https%3A%2F%2Fwww.fortadvocaten.nl%2Fcontact%2F|title:Contact%20%26%20formulier&#8220;]Kontakt aufnehemen[\/vcex_button][vc_empty_space height=&#8220;60px&#8220;][\/vc_column][\/vc_row][vc_row full_width=&#8220;stretch_row_content&#8220; content_placement=&#8220;middle&#8220; column_spacing=&#8220;0px&#8220; gap=&#8220;10&#8243; remove_bottom_col_margin=&#8220;true&#8220; tablet_fullwidth_cols=&#8220;yes&#8220; css=&#8220;.vc_custom_1612889746504{background-color: #3e4758 !important;}&#8220; min_height=&#8220;330&#8243;][vc_column css_animation_delay=&#8220;0.2&#8243; offset=&#8220;vc_col-lg-offset-3 vc_col-lg-6 vc_col-md-offset-1 vc_col-md-10 vc_col-sm-offset-0 vc_col-xs-12&#8243;][vc_column_text responsive_text=&#8220;true&#8220; line_height=&#8220;2&#8243; text_align=&#8220;center&#8220; color=&#8220;#ffffff&#8220;]<\/p>\n<h2 id=\"waarmee-kunnen-wij-u-helpen\">Wobei k\u00f6nnen wir Sie unterst\u00fctzen?<\/h2>\n<p>\u25cf\u00a0 Mietrecht Ladenr\u00e4umlichkeiten \u25cf\u00a0 Dringender Eigenbedarf \u25cf\u00a0\u00a0Renovierung \u25cf\u00a0\u00a0Genehmigung abweichender Klauseln \u25cf\u00a0\u00a0\u00c4nderungen im Mietpreis \u25cf\u00a0\u00a0Mieterwechsel \u25cf\u00a0\u00a0Mietrecht B\u00fcror\u00e4umlichkeiten \u25cf\u00a0\u00a0R\u00e4umung und Evakuierungsschutz \u25cf\u00a0\u00a0Verwaltungs- und Betreibervertr\u00e4ge \u25cf\u00a0\u00a0Untermiete \u25cf\u00a0\u00a0 Mieteroptionen, Optionen zur zwischenzeitlichen\u25cfK\u00fcndigung \u00a0\u25cf\u00a0\u00a0Mietstreitigkeiten\u00a0 \u00a0\u25cf\u00a0\u00a0Mediation\u00a0 \u25cf\u00a0\u00a0Mietvertr\u00e4ge \u00a0\u25cf\u00a0\u00a0Vertrags\u00fcbernahme \u00a0\u25cf\u00a0\u00a0K\u00fcndigung von Mietvertr\u00e4gen[vcex_spacing size=&#8220;40px&#8220;][\/vc_column_text][\/vc_column][\/vc_row][vc_row][vc_column][vc_empty_space height=&#8220;100px&#8220;][\/vc_column][\/vc_row][vc_row full_width=&#8220;stretch_row_content&#8220; gap=&#8220;10&#8243; remove_bottom_col_margin=&#8220;true&#8220; tablet_fullwidth_cols=&#8220;yes&#8220; wpmp_trigger_hook=&#8220;0.5&#8243; wpmp_class_css=&#8220;magic&#8220; wpmp_effect_scenes=&#8220;%5B%7B%22wpmp_title%22%3A%22Effect1%22%2C%22wpmp_duration%22%3A%221%22%2C%22wpmp_ease%22%3A%22Power0.easeNone%22%2C%22wpmp_display%22%3A%22block%22%2C%22wpmp_transform%22%3A%22top-left%22%2C%22yoyo%22%3A%22true%22%7D%5D&#8220; css=&#8220;.vc_custom_1609946439306{margin-right: -20px !important;margin-left: -20px !important;}&#8220;][vc_column css_animation=&#8220;fadeIn&#8220; css_animation_delay=&#8220;0.1&#8243; offset=&#8220;vc_col-lg-offset-3 vc_col-lg-6 vc_col-md-offset-1 vc_col-md-10 vc_col-sm-offset-0 vc_col-xs-12&#8243;][vc_empty_space][vc_column_text css_animation=&#8220;fadeIn&#8220; responsive_text=&#8220;true&#8220; css=&#8220;.vc_custom_1695645541073{margin-bottom: 20px !important;}&#8220; wpmp_trigger_hook=&#8220;0.5&#8243; wpmp_class_css=&#8220;magic&#8220; wpmp_effect_scenes=&#8220;%5B%7B%22wpmp_title%22%3A%22Effect1%22%2C%22wpmp_duration%22%3A%221%22%2C%22wpmp_ease%22%3A%22Power0.easeNone%22%2C%22wpmp_display%22%3A%22block%22%2C%22wpmp_transform%22%3A%22top-left%22%2C%22yoyo%22%3A%22true%22%7D%5D&#8220; font_family=&#8220;Raleway&#8220; text_align=&#8220;center&#8220;]<\/p>\n<h2 id=\"onze-specialisten-in-vastgoedr\">Unsere Spezialist*innen im Bereich Mietrecht<\/h2>\n<p>[\/vc_column_text][\/vc_column][\/vc_row][vc_row full_width=&#8220;stretch_row_content_no_spaces&#8220; tablet_fullwidth_cols=&#8220;yes&#8220; wpmp_trigger_hook=&#8220;0.5&#8243; wpmp_class_css=&#8220;magic&#8220; wpmp_effect_scenes=&#8220;%5B%7B%22wpmp_title%22%3A%22Effect1%22%2C%22wpmp_duration%22%3A%221%22%2C%22wpmp_ease%22%3A%22Power0.easeNone%22%2C%22wpmp_display%22%3A%22block%22%2C%22wpmp_transform%22%3A%22top-left%22%2C%22yoyo%22%3A%22true%22%7D%5D&#8220; css=&#8220;.vc_custom_1608645354712{margin-right: -20px !important;margin-left: -20px !important;}&#8220;][vc_column offset=&#8220;vc_col-lg-offset-0 vc_col-lg-12 vc_col-md-offset-0 vc_col-md-12 vc_col-sm-offset-0 vc_col-xs-12&#8243;][vcex_staff_carousel count=&#8220;20&#8243; order=&#8220;ASC&#8220; style=&#8220;no-margins&#8220; content_style=&#8220;none&#8220; title=&#8220;false&#8220; excerpt=&#8220;false&#8220; auto_play=&#8220;true&#8220; autoplay_type=&#8220;smooth&#8220; orderby=&#8220;rand&#8220; items=&#8220;6&#8243; items_margin=&#8220;0&#8243; wpmp_trigger_hook=&#8220;0.5&#8243; wpmp_class_css=&#8220;magic&#8220; wpmp_effect_scenes=&#8220;%5B%7B%22wpmp_title%22%3A%22Effect1%22%2C%22wpmp_duration%22%3A%221%22%2C%22wpmp_ease%22%3A%22Power0.easeNone%22%2C%22wpmp_display%22%3A%22block%22%2C%22wpmp_transform%22%3A%22top-left%22%2C%22yoyo%22%3A%22true%22%7D%5D&#8220; include_categories=&#8220;842&#8243; img_width=&#8220;400&#8243; img_height=&#8220;400&#8243; img_hover_style=&#8220;grow&#8220; overlay_style=&#8220;title-excerpt-hover&#8220; arrows_style=&#8220;min&#8220; animation_speed=&#8220;6000&#8243;][\/vc_column][\/vc_row]<\/p>\n<\/div>","protected":false},"excerpt":{"rendered":"<p>[vc_row full_width=&#8220;stretch_row_content&#8220; full_height=&#8220;yes&#8220; columns_placement=&#8220;bottom&#8220; parallax=&#8220;content-moving-fade&#8220; wpex_post_thumbnail_bg=&#8220;true&#8220; wpex_bg_overlay=&#8220;dark&#8220; wpmp_trigger_hook=&#8220;1.5&#8243; wpmp_reverse=&#8220;true&#8220; wpmp_class_css=&#8220;zoomInDown&#8220; wpmp_effect_scenes=&#8220;%5B%7B%22wpmp_title%22%3A%22Effect1%22%2C%22wpmp_duration%22%3A%221%22%2C%22wpmp_ease%22%3A%22Power1.easeIn%22%2C%22wpmp_display%22%3A%22block%22%2C%22wpmp_transform%22%3A%22top-left%22%2C%22yoyo%22%3A%22true%22%7D%5D&#8220; css=&#8220;.vc_custom_1611781400261{background-image: url(https:\/\/www.actlegal-netherlands.com\/wp-content\/uploads\/vastgoed-adobestock_58632680-scaled.jpg?id=50035) !important;}&#8220; wpex_bg_overlay_opacity=&#8220;0.2&#8243; el_class=&#8220;header-bg-wit&#8220;][vc_column wpmp_trigger_hook=&#8220;0.5&#8243; wpmp_class_css=&#8220;magic&#8220; wpmp_effect_scenes=&#8220;%5B%7B%22wpmp_title%22%3A%22Effect1%22%2C%22wpmp_duration%22%3A%221%22%2C%22wpmp_ease%22%3A%22Power0.easeNone%22%2C%22wpmp_display%22%3A%22block%22%2C%22wpmp_transform%22%3A%22top-left%22%2C%22yoyo%22%3A%22true%22%7D%5D&#8220; min_height=&#8220;300&#8243; offset=&#8220;vc_col-lg-offset-1 vc_col-lg-10 vc_col-md-offset-1 vc_col-md-10 vc_col-sm-offset-1 vc_col-xs-12&#8243;][vcex_heading text=&#8220;Mietrecht&#8220; responsive_text=&#8220;true&#8220; wpmp_trigger_hook=&#8220;0.5&#8243; wpmp_class_css=&#8220;magic&#8220; wpmp_effect_scenes=&#8220;%5B%7B%22wpmp_title%22%3A%22Effect1%22%2C%22wpmp_duration%22%3A%221%22%2C%22wpmp_ease%22%3A%22Power0.easeNone%22%2C%22wpmp_display%22%3A%22block%22%2C%22wpmp_transform%22%3A%22top-left%22%2C%22yoyo%22%3A%22true%22%7D%5D&#8220; tag=&#8220;h1&#8243; font_family=&#8220;Raleway&#8220; color=&#8220;#ffffff&#8220; font_weight=&#8220;bold&#8220; font_size=&#8220;d:60|tp:40|pp:30&#8243; el_class=&#8220;header-text&#8220;][\/vc_column][\/vc_row][vc_row css_animation=&#8220;none&#8220; full_width=&#8220;stretch_row_content&#8220; column_spacing=&#8220;0px&#8220; gap=&#8220;10&#8243; remove_bottom_col_margin=&#8220;true&#8220; tablet_fullwidth_cols=&#8220;yes&#8220; css=&#8220;.vc_custom_1642957653765{margin-top: -100px !important;}&#8220; wpex_zindex=&#8220;9999&#8243; el_id=&#8220;scrolldown&#8220;][vc_column css_animation=&#8220;none&#8220; offset=&#8220;vc_col-lg-offset-3 vc_col-lg-6 vc_col-md-offset-1 vc_col-md-10 vc_col-sm-offset-0 vc_col-xs-12&#8243;][vc_icon [&hellip;]<\/p>\n","protected":false},"author":59,"featured_media":0,"parent":0,"menu_order":0,"comment_status":"closed","ping_status":"closed","template":"","meta":{"footnotes":""},"class_list":["post-64232","page","type-page","status-publish","hentry"],"yoast_head":"<!-- This site is optimized with the Yoast SEO plugin v25.4 - https:\/\/yoast.com\/wordpress\/plugins\/seo\/ -->\n<title>Mietrecht | act legal<\/title>\n<meta name=\"description\" content=\"Unsere Anw\u00e4lte f\u00fcr Mietrecht verf\u00fcgen \u00fcber Kenntnisse und Erfahrungen in allen Bereichen des Mietrechts: Gewerblichen und privaten Bereich.\" \/>\n<meta name=\"robots\" content=\"noindex, follow, max-snippet:-1, max-image-preview:large, max-video-preview:-1\" \/>\n<meta property=\"og:locale\" content=\"de_DE\" \/>\n<meta property=\"og:type\" content=\"article\" \/>\n<meta property=\"og:title\" content=\"Mietrecht | act legal\" \/>\n<meta property=\"og:description\" content=\"Unsere Anw\u00e4lte f\u00fcr Mietrecht verf\u00fcgen \u00fcber Kenntnisse und Erfahrungen in allen Bereichen des Mietrechts: Gewerblichen und privaten Bereich.\" \/>\n<meta property=\"og:url\" content=\"https:\/\/www.actlegal-netherlands.com\/de\/mietrecht\/\" \/>\n<meta property=\"og:site_name\" content=\"act legal | Specialisten in vastgoedrecht en ondernemingsrecht\" \/>\n<meta property=\"article:publisher\" content=\"http:\/\/www.facebook.com\/FortAdvocaten\" \/>\n<meta property=\"article:modified_time\" content=\"2024-09-26T13:18:25+00:00\" \/>\n<meta name=\"twitter:card\" content=\"summary_large_image\" \/>\n<meta name=\"twitter:site\" content=\"@FortAdvocaten\" \/>\n<meta name=\"twitter:label1\" content=\"Gesch\u00e4tzte Lesezeit\" \/>\n\t<meta name=\"twitter:data1\" content=\"3\u00a0Minuten\" \/>\n<script type=\"application\/ld+json\" class=\"yoast-schema-graph\">{\"@context\":\"https:\/\/schema.org\",\"@graph\":[{\"@type\":\"WebPage\",\"@id\":\"https:\/\/www.actlegal-netherlands.com\/de\/mietrecht\/\",\"url\":\"https:\/\/www.actlegal-netherlands.com\/de\/mietrecht\/\",\"name\":\"Mietrecht | act legal\",\"isPartOf\":{\"@id\":\"https:\/\/www.actlegal-netherlands.com\/#website\"},\"datePublished\":\"2021-01-08T14:01:08+00:00\",\"dateModified\":\"2024-09-26T13:18:25+00:00\",\"description\":\"Unsere Anw\u00e4lte f\u00fcr Mietrecht verf\u00fcgen \u00fcber Kenntnisse und Erfahrungen in allen Bereichen des Mietrechts: Gewerblichen und privaten Bereich.\",\"breadcrumb\":{\"@id\":\"https:\/\/www.actlegal-netherlands.com\/de\/mietrecht\/#breadcrumb\"},\"inLanguage\":\"de\",\"potentialAction\":[{\"@type\":\"ReadAction\",\"target\":[\"https:\/\/www.actlegal-netherlands.com\/de\/mietrecht\/\"]}]},{\"@type\":\"BreadcrumbList\",\"@id\":\"https:\/\/www.actlegal-netherlands.com\/de\/mietrecht\/#breadcrumb\",\"itemListElement\":[{\"@type\":\"ListItem\",\"position\":1,\"name\":\"Home\",\"item\":\"https:\/\/www.actlegal-netherlands.com\/de\/\"},{\"@type\":\"ListItem\",\"position\":2,\"name\":\"Mietrecht\"}]},{\"@type\":\"WebSite\",\"@id\":\"https:\/\/www.actlegal-netherlands.com\/#website\",\"url\":\"https:\/\/www.actlegal-netherlands.com\/\",\"name\":\"act legal | Specialisten in vastgoedrecht en ondernemingsrecht\",\"description\":\"act legal, specialist in vastgoedrecht, ondernemingsrecht, insolventierecht &amp; herstructurering, arbeidsrecht, franchiserecht en omgevingsrecht.\",\"publisher\":{\"@id\":\"https:\/\/www.actlegal-netherlands.com\/#organization\"},\"potentialAction\":[{\"@type\":\"SearchAction\",\"target\":{\"@type\":\"EntryPoint\",\"urlTemplate\":\"https:\/\/www.actlegal-netherlands.com\/?s={search_term_string}\"},\"query-input\":{\"@type\":\"PropertyValueSpecification\",\"valueRequired\":true,\"valueName\":\"search_term_string\"}}],\"inLanguage\":\"de\"},{\"@type\":\"Organization\",\"@id\":\"https:\/\/www.actlegal-netherlands.com\/#organization\",\"name\":\"Fort Advocaten\",\"url\":\"https:\/\/www.actlegal-netherlands.com\/\",\"logo\":{\"@type\":\"ImageObject\",\"inLanguage\":\"de\",\"@id\":\"https:\/\/www.actlegal-netherlands.com\/#\/schema\/logo\/image\/\",\"url\":\"\",\"contentUrl\":\"\",\"caption\":\"Fort Advocaten\"},\"image\":{\"@id\":\"https:\/\/www.actlegal-netherlands.com\/#\/schema\/logo\/image\/\"},\"sameAs\":[\"http:\/\/www.facebook.com\/FortAdvocaten\",\"https:\/\/x.com\/FortAdvocaten\",\"https:\/\/www.instagram.com\/fortadvocaten\/\",\"https:\/\/www.linkedin.com\/company\/fort-advocaten\",\"https:\/\/www.youtube.com\/channel\/UCSVlFm72wDiKCplICr6wXzg\"]}]}<\/script>\n<!-- \/ Yoast SEO plugin. -->","yoast_head_json":{"title":"Mietrecht | act legal","description":"Unsere Anw\u00e4lte f\u00fcr Mietrecht verf\u00fcgen \u00fcber Kenntnisse und Erfahrungen in allen Bereichen des Mietrechts: Gewerblichen und privaten Bereich.","robots":{"index":"noindex","follow":"follow","max-snippet":"max-snippet:-1","max-image-preview":"max-image-preview:large","max-video-preview":"max-video-preview:-1"},"og_locale":"de_DE","og_type":"article","og_title":"Mietrecht | act legal","og_description":"Unsere Anw\u00e4lte f\u00fcr Mietrecht verf\u00fcgen \u00fcber Kenntnisse und Erfahrungen in allen Bereichen des Mietrechts: Gewerblichen und privaten Bereich.","og_url":"https:\/\/www.actlegal-netherlands.com\/de\/mietrecht\/","og_site_name":"act legal | Specialisten in vastgoedrecht en ondernemingsrecht","article_publisher":"http:\/\/www.facebook.com\/FortAdvocaten","article_modified_time":"2024-09-26T13:18:25+00:00","twitter_card":"summary_large_image","twitter_site":"@FortAdvocaten","twitter_misc":{"Gesch\u00e4tzte Lesezeit":"3\u00a0Minuten"},"schema":{"@context":"https:\/\/schema.org","@graph":[{"@type":"WebPage","@id":"https:\/\/www.actlegal-netherlands.com\/de\/mietrecht\/","url":"https:\/\/www.actlegal-netherlands.com\/de\/mietrecht\/","name":"Mietrecht | act legal","isPartOf":{"@id":"https:\/\/www.actlegal-netherlands.com\/#website"},"datePublished":"2021-01-08T14:01:08+00:00","dateModified":"2024-09-26T13:18:25+00:00","description":"Unsere Anw\u00e4lte f\u00fcr Mietrecht verf\u00fcgen \u00fcber Kenntnisse und Erfahrungen in allen Bereichen des Mietrechts: Gewerblichen und privaten Bereich.","breadcrumb":{"@id":"https:\/\/www.actlegal-netherlands.com\/de\/mietrecht\/#breadcrumb"},"inLanguage":"de","potentialAction":[{"@type":"ReadAction","target":["https:\/\/www.actlegal-netherlands.com\/de\/mietrecht\/"]}]},{"@type":"BreadcrumbList","@id":"https:\/\/www.actlegal-netherlands.com\/de\/mietrecht\/#breadcrumb","itemListElement":[{"@type":"ListItem","position":1,"name":"Home","item":"https:\/\/www.actlegal-netherlands.com\/de\/"},{"@type":"ListItem","position":2,"name":"Mietrecht"}]},{"@type":"WebSite","@id":"https:\/\/www.actlegal-netherlands.com\/#website","url":"https:\/\/www.actlegal-netherlands.com\/","name":"act legal | Specialisten in vastgoedrecht en ondernemingsrecht","description":"act legal, specialist in vastgoedrecht, ondernemingsrecht, insolventierecht &amp; herstructurering, arbeidsrecht, franchiserecht en omgevingsrecht.","publisher":{"@id":"https:\/\/www.actlegal-netherlands.com\/#organization"},"potentialAction":[{"@type":"SearchAction","target":{"@type":"EntryPoint","urlTemplate":"https:\/\/www.actlegal-netherlands.com\/?s={search_term_string}"},"query-input":{"@type":"PropertyValueSpecification","valueRequired":true,"valueName":"search_term_string"}}],"inLanguage":"de"},{"@type":"Organization","@id":"https:\/\/www.actlegal-netherlands.com\/#organization","name":"Fort Advocaten","url":"https:\/\/www.actlegal-netherlands.com\/","logo":{"@type":"ImageObject","inLanguage":"de","@id":"https:\/\/www.actlegal-netherlands.com\/#\/schema\/logo\/image\/","url":"","contentUrl":"","caption":"Fort Advocaten"},"image":{"@id":"https:\/\/www.actlegal-netherlands.com\/#\/schema\/logo\/image\/"},"sameAs":["http:\/\/www.facebook.com\/FortAdvocaten","https:\/\/x.com\/FortAdvocaten","https:\/\/www.instagram.com\/fortadvocaten\/","https:\/\/www.linkedin.com\/company\/fort-advocaten","https:\/\/www.youtube.com\/channel\/UCSVlFm72wDiKCplICr6wXzg"]}]}},"_links":{"self":[{"href":"https:\/\/www.actlegal-netherlands.com\/de\/wp-json\/wp\/v2\/pages\/64232","targetHints":{"allow":["GET"]}}],"collection":[{"href":"https:\/\/www.actlegal-netherlands.com\/de\/wp-json\/wp\/v2\/pages"}],"about":[{"href":"https:\/\/www.actlegal-netherlands.com\/de\/wp-json\/wp\/v2\/types\/page"}],"author":[{"embeddable":true,"href":"https:\/\/www.actlegal-netherlands.com\/de\/wp-json\/wp\/v2\/users\/59"}],"replies":[{"embeddable":true,"href":"https:\/\/www.actlegal-netherlands.com\/de\/wp-json\/wp\/v2\/comments?post=64232"}],"version-history":[{"count":4,"href":"https:\/\/www.actlegal-netherlands.com\/de\/wp-json\/wp\/v2\/pages\/64232\/revisions"}],"predecessor-version":[{"id":66562,"href":"https:\/\/www.actlegal-netherlands.com\/de\/wp-json\/wp\/v2\/pages\/64232\/revisions\/66562"}],"wp:attachment":[{"href":"https:\/\/www.actlegal-netherlands.com\/de\/wp-json\/wp\/v2\/media?parent=64232"}],"curies":[{"name":"wp","href":"https:\/\/api.w.org\/{rel}","templated":true}]}}